{"id":50815,"date":"2021-04-14T14:50:56","date_gmt":"2021-04-14T13:50:56","guid":{"rendered":"https:\/\/enseyes.com\/forskningsprojekt\/"},"modified":"2021-04-20T10:59:03","modified_gmt":"2021-04-20T09:59:03","slug":"forskningsprojekt","status":"publish","type":"page","link":"https:\/\/enseyes.com\/sv\/forskningsprojekt\/","title":{"rendered":"Forskningsrojekt"},"content":{"rendered":"<div class=\"wpb-content-wrapper\"><p>[vc_row][vc_column][vc_column_text]<\/p>\n<div class=\"page\" title=\"Page 1\">\n<div class=\"section\">\n<div class=\"layoutArea\">\n<div class=\"column\">\n<h4>Nytt danskt forskningsprojekt:<\/h4>\n<div class=\"page\" title=\"Page 1\">\n<div class=\"section\">\n<div class=\"layoutArea\">\n<div class=\"column\">\n<p>Nattlinser g\u00f6r n\u00e4rsynta barn betydligt mindre n\u00e4rsynta<\/p>\n<\/div>\n<\/div>\n<\/div>\n<\/div>\n<\/div>\n<\/div>\n<\/div>\n<\/div>\n<p>[\/vc_column_text][\/vc_column][\/vc_row][vc_row][vc_column][vc_column_text]En forskningsstudie p\u00e5 Vejle Hospital har visat att myopiska barn som sover med nattlinser utvecklar 59 procent mindre n\u00e4rsynthet \u00e4n barn som anv\u00e4nder glas\u00f6gon. Resultatet har f\u00e5tt \u00f6gonavdelningen p\u00e5 sjukhuset att erbjuda nattlinser i behandlingen.<\/p>\n<p>Av Steen Tue Bjerborg<\/p>\n<p>V\u00e4xande barn kan bromsa utvecklingen av n\u00e4rsynthet och sova sig till en betydligt b\u00e4ttre syn genom att sova med nattlinser. Det har nu dokumenterats svart p\u00e5 vitt i ett nytt danskt forskningsprojekt fr\u00e5n \u00f6gonavdelningen p\u00e5 Vejle sjukhus. Tretton\u00e5riga Frida Bille fr\u00e5n Kolding, som varit med genom hela studien, \u00e4r idag ett levande, lyckligt och b\u00e4ttre seende bevis p\u00e5 detta.<\/p>\n<p>&#8221; Medan jag har sovit med nattlinser i tre \u00e5r har jag inte anv\u00e4nt glas\u00f6gon n\u00e5gonting. \u00c4nd\u00e5 k\u00e4nner jag att jag ser b\u00e4ttre nu och kan se detaljerna p\u00e5 kantstenarna n\u00e4r vi k\u00f6r f\u00f6rbi dem p\u00e5 v\u00e4gen\u201d ler Frida efter slutkontrollen p\u00e5 Vejle sjukhus.<\/p>\n<p>Totalt 60 n\u00e4rsynta barn i \u00e5ldern sex till tolv \u00e5r, remitterade av \u00f6gonl\u00e4kare fr\u00e5n hela Jylland och Fyn, deltog i studien. Trettio av barnen bar glas\u00f6gon och anv\u00e4nde inte nattlinser. De 30 andra barnen sov som Frida med nattlinser, och anv\u00e4nde inte glas\u00f6gon. Och skillnaderna i hur \u00f6gonen utvecklades mellan de tv\u00e5 grupperna var signifikanta och markanta.<\/p>\n<h4>59 procent mindre n\u00e4rsynt<\/h4>\n<p>De 30 barn som sov med nattlinser och inte anv\u00e4nde glas\u00f6gon hade en mycket mindre \u00f6kning av \u00f6gats l\u00e4ngd och d\u00e4rmed ocks\u00e5 mindre \u00f6kning i n\u00e4rsynthet, \u00e4n barnen som bar glas\u00f6gon och inte sov med nattlinser.<\/p>\n<p>Studien drar d\u00e4rf\u00f6r slutsatsen att nattlinser kan bromsa utvecklingen av n\u00e4rsynthet hos v\u00e4xande barn med 59 procent. Och det utan behandlingsintensiva och synhotande komplikationer. Detta minskar avsev\u00e4rt risken f\u00f6r att utveckla stark n\u00e4rsynthet och allvarliga \u00f6gonsjukdomar som glaukom, n\u00e4thinneavlossning och n\u00e4thinnef\u00f6r\u00e4ndringar senare i livet.<\/p>\n<p><a href=\"https:\/\/enseyes.com\/wp-content\/uploads\/2021\/04\/A3A5381-natlinser-scaled.jpg\"><img loading=\"lazy\" decoding=\"async\" class=\"alignnone wp-image-50517\" src=\"https:\/\/enseyes.com\/wp-content\/uploads\/2021\/04\/A3A5381-natlinser-300x200.jpg\" alt=\"\" width=\"500\" height=\"333\" srcset=\"https:\/\/enseyes.com\/wp-content\/uploads\/2021\/04\/A3A5381-natlinser-300x200.jpg 300w, https:\/\/enseyes.com\/wp-content\/uploads\/2021\/04\/A3A5381-natlinser-1024x683.jpg 1024w, https:\/\/enseyes.com\/wp-content\/uploads\/2021\/04\/A3A5381-natlinser-768x512.jpg 768w, https:\/\/enseyes.com\/wp-content\/uploads\/2021\/04\/A3A5381-natlinser-1536x1024.jpg 1536w, https:\/\/enseyes.com\/wp-content\/uploads\/2021\/04\/A3A5381-natlinser-2048x1365.jpg 2048w\" sizes=\"auto, (max-width: 500px) 100vw, 500px\" \/><\/a><br \/>\n\u2013 Det \u00e4r ett fantastiskt resultat som \u00e4r s\u00e5 bra att vi nu valt att erbjuda nattlinserna i behandling av barnen p\u00e5 \u00f6gonavdelningen. Hittills har sex n\u00e4rsynta barn g\u00e5tt med p\u00e5 detta, och de har nu startat behandlingen, f\u00f6rklarar l\u00e4kare och klinisk forskningsassistent p\u00e5 \u00f6gonavdelningen, Trine M\u00f8ldrup Jakobsen, som ledde studien vid Vejle Hospital som en del av sin doktorsavhandling f\u00f6r \u00f6gonl\u00e4kare.<\/p>\n<h4>Danskt bevis n\u00f6dv\u00e4ndigt<\/h4>\n<p>Faktum \u00e4r att tidigare forskning i Asien och s\u00f6dra Europa redan har visat nattlinsernas f\u00f6rm\u00e5ga att bromsa utvecklingen av n\u00e4rsynthet hos barn. Men det har aldrig studerats och demonstrerats i Danmark och Skandinavien. Och detta var n\u00f6dv\u00e4ndigt f\u00f6r att \u00f6verf\u00f6ra resultaten till danska barn. Det f\u00f6rklarar \u00f6verl\u00e4karen p\u00e5 \u00f6gonavdelningen p\u00e5 Vejle sjukhus, Flemming M\u00f8ller, som var den som f\u00f6reslog Trine M\u00f8ldrup Jakobsen att forska p\u00e5 nattlinser.<\/p>\n<p><a href=\"https:\/\/enseyes.com\/wp-content\/uploads\/2021\/04\/flemming-og-barn.jpg\"><img loading=\"lazy\" decoding=\"async\" class=\"alignnone wp-image-50507\" src=\"https:\/\/enseyes.com\/wp-content\/uploads\/2021\/04\/flemming-og-barn-300x200.jpg\" alt=\"\" width=\"500\" height=\"333\" srcset=\"https:\/\/enseyes.com\/wp-content\/uploads\/2021\/04\/flemming-og-barn-300x200.jpg 300w, https:\/\/enseyes.com\/wp-content\/uploads\/2021\/04\/flemming-og-barn-768x512.jpg 768w, https:\/\/enseyes.com\/wp-content\/uploads\/2021\/04\/flemming-og-barn.jpg 1024w\" sizes=\"auto, (max-width: 500px) 100vw, 500px\" \/><\/a><br \/>\n\u2013 \u00c5 ena sidan finns det stora genetiska skillnader mellan asiatiska och nordeuropeiska barn. \u00c5 andra sidan har det speciellt tidigare funnits stora kulturella skillnader i hur barn i Asien och norra Europa har levt och belastat sina \u00f6gon. D\u00e4rf\u00f6r har vi inte kunnat \u00f6verf\u00f6ra resultaten fr\u00e5n asiatiska barn direkt till danska och skandinaviska barn, utan vi har beh\u00f6vt unders\u00f6ka det sj\u00e4lva, s\u00e4ger Flemming M\u00f8ller.<\/p>\n<p>I vissa omr\u00e5den i Asien har f\u00f6rekomsten av n\u00e4rsynthet hos barn varit s\u00e5 h\u00f6g som 90 procent. Men Flemming M\u00f8ller har, liksom andra danska \u00f6gonl\u00e4kare, sett en tydlig \u00f6kning av n\u00e4rsynthet de senaste \u00e5ren \u00e4ven hos danska barn. Och detta bekr\u00e4ftas av en ny studie som visade att f\u00f6rekomsten av n\u00e4rsynthet hos barn i Danmark har \u00f6kat fr\u00e5n 13 procent i 2007 till 25 procent idag.<\/p>\n<p>D\u00e4rf\u00f6r f\u00f6reslog Flemming M\u00f8ller Trine M\u00f8ldrup Jakobsen att g\u00f6ra sin doktorsavhandling som \u00f6gonl\u00e4kare som ett forskningsprojekt om nattlinsernas effekt p\u00e5 utvecklingen av n\u00e4rsynthet hos barn. En effekt som \u00f6gonl\u00e4karen f\u00f6rst h\u00f6rde talas om fr\u00e5n sin leverant\u00f6r av nattlinser, Esben S\u00f8rensen, som i Koldingf\u00f6retaget Ens Eyes distribuerar nattlinser till optiker och \u00f6gonl\u00e4kare i hela Skandinavien.<\/p>\n<p>\u2013 Vi har funnits i ungef\u00e4r tio \u00e5r. Och under hela denna tid har vi k\u00e4mpat f\u00f6r att f\u00e5 unders\u00f6kt och f\u00e5 erk\u00e4nnelse av nattlinsernas f\u00f6rm\u00e5ga att bromsa utvecklingen av n\u00e4rsynthet \u00e4ven hos skandinaviska och danska barn. D\u00e4rf\u00f6r \u00e4r det fantastiskt att det \u00e4ntligen har kommit fram ett danskt forskningsresultat som visar hur nattlinserna kan motverka n\u00e4rsynthet hos barn, s\u00e4ger Esben S\u00f8rensen.<\/p>\n<h4>Kommer att forts\u00e4tta med nattlinser<\/h4>\n<p>Trine M\u00f8ldrup Jakobsen har nu f\u00e5tt sin forskningsstudie godk\u00e4nd som doktorsavhandling, och \u00f6gonavdelningen p\u00e5 Vejle hospital har b\u00f6rjat anv\u00e4nda nattlinserna i behandling av de n\u00e4rsynta barnen. Men det hindrar inte den nya \u00f6gonl\u00e4karen fr\u00e5n att forska vidare om nattlinser.<\/p>\n<p>\u2013 Vi g\u00e5r nu ig\u00e5ng med en uppf\u00f6ljande studie som str\u00e4cker sig \u00f6ver flera \u00e5r, eftersom vi vill f\u00f6lja utvecklingen och se resultaten \u00f6ver en l\u00e4ngre period. Men det \u00e4ndrar inte det faktum att vi nu har bevisat att nattlinser faktiskt kan bromsa utvecklingen av n\u00e4rsynthet hos barn, s\u00e4ger hon.<\/p>\n<p>F\u00f6r Frida Bille \u00e4r saken klar. Hon kommer att forts\u00e4tta att sova med nattlinserna, \u00e4ven om hennes medverkan i studien nu \u00e4r \u00f6ver.<\/p>\n<p>\u2013 Det \u00e4r s\u00e5 h\u00e4ftigt n\u00e4r jag g\u00e5r i skolan och idrottar. Jag kan bara ta ut nattlinserna p\u00e5 morgonen och sedan inte beh\u00f6va ha glas\u00f6gon och kontaktlinser resten av dagen, s\u00e4ger den n\u00e4rsynta flickan, som sj\u00e4lv satte p\u00e5 sig linserna n\u00e4stan fr\u00e5n b\u00f6rjan, trots att hon bara var nio \u00e5r d\u00e5.<\/p>\n<p><a href=\"https:\/\/enseyes.com\/wp-content\/uploads\/2021\/04\/natlinse.png\"><img loading=\"lazy\" decoding=\"async\" class=\"alignnone wp-image-50511\" src=\"https:\/\/enseyes.com\/wp-content\/uploads\/2021\/04\/natlinse-300x225.png\" alt=\"\" width=\"500\" height=\"375\" srcset=\"https:\/\/enseyes.com\/wp-content\/uploads\/2021\/04\/natlinse-300x225.png 300w, https:\/\/enseyes.com\/wp-content\/uploads\/2021\/04\/natlinse-768x576.png 768w, https:\/\/enseyes.com\/wp-content\/uploads\/2021\/04\/natlinse.png 1024w\" sizes=\"auto, (max-width: 500px) 100vw, 500px\" \/><\/a><br \/>\n&#8221; Pappa var inte s\u00e5 bra p\u00e5 att s\u00e4tta in dem, s\u00e5 jag gjorde det bara sj\u00e4lv och har gjort det sedan dess. Och det \u00e4r inga problem, skrattar Frida, som bara har en sak hon tycker \u00e4r v\u00e4ldigt synd:<\/p>\n<p>&#8221;Jag \u00e4r ledsen f\u00f6r mammas del. Eftersom hon \u00e4r v\u00e4ldigt n\u00e4rsynt och borde ha f\u00e5tt m\u00f6jlighet att sova med nattlinser precis som jag n\u00e4r hon var ung. Men det var hon som f\u00f6reslog att jag skulle delta i den h\u00e4r unders\u00f6kningen, och nu \u00e4r hon bara s\u00e5 glad f\u00f6r min skull.&#8221;<\/p>\n<h4>Fakta<\/h4>\n<p>En nattlins \u00e4r en formstabil lins som med sin vakuumeffekt, i kombination med det faktum att \u00f6gonlocket \u00e4r st\u00e4ngt, kan f\u00f6rhindra att \u00f6gat v\u00e4xer i l\u00e4ngden, vilket saktar ned utvecklingen av n\u00e4rsynthet.<\/p>\n<p>Med mer \u00e4n minus 5 i styrka, som kallas stark n\u00e4rsynthet, \u00f6kar risken f\u00f6r att utveckla glaukom, n\u00e4thinneavlossning och n\u00e4thinnef\u00f6r\u00e4ndringar.<\/p>\n<p>Forskningsprojektet i Vejle har involverat 60 barn fr\u00e5n Jylland och Fyn, som genom lottning delades in i tv\u00e5 grupper, d\u00e4r den ena gruppen sov med nattlinser, den andra utan.<\/p>\n<p>Resultaten av forskningsprojektet har visat att nattlinser kan bromsa utvecklingen av n\u00e4rsynthet hos v\u00e4xande barn med 59 procent &#8211; utan behandlingsintensiva eller synhotande komplikationer.<\/p>\n<p>Nattlinserna i studien levererades av f\u00f6retaget Ens Eyes i Kolding. F\u00f6retaget har f\u00f6ljt forskning om nattlinser \u00f6ver hela v\u00e4rlden i tio \u00e5r, och levererar nattlinser till optiker och \u00f6gonl\u00e4kare i hela Skandinavien och Island.[\/vc_column_text][\/vc_column][\/vc_row]<\/p>\n<\/div>","protected":false},"excerpt":{"rendered":"<p>[vc_row][vc_column][vc_column_text] Nytt danskt forskningsprojekt: Nattlinser g\u00f6r n\u00e4rsynta barn betydligt mindre n\u00e4rsynta [\/vc_column_text][\/vc_column][\/vc_row][vc_row][vc_column][vc_column_text]En forskningsstudie p\u00e5 Vejle Hospital har visat att myopiska barn som sover med nattlinser utvecklar 59 procent mindre n\u00e4rsynthet \u00e4n barn som anv\u00e4nder glas\u00f6gon. Resultatet har f\u00e5tt \u00f6gonavdelningen p\u00e5<\/p>\n","protected":false},"author":172,"featured_media":0,"parent":0,"menu_order":0,"comment_status":"closed","ping_status":"closed","template":"","meta":{"_acf_changed":false,"footnotes":""},"class_list":["post-50815","page","type-page","status-publish","hentry"],"acf":[],"yoast_head":"<!-- This site is optimized with the Yoast SEO plugin v27.5 - https:\/\/yoast.com\/product\/yoast-seo-wordpress\/ -->\n<title>Forskningsrojekt - EnsEyes<\/title>\n<meta name=\"robots\" content=\"index, follow, max-snippet:-1, max-image-preview:large, max-video-preview:-1\" \/>\n<link rel=\"canonical\" href=\"https:\/\/enseyes.com\/sv\/forskningsprojekt\/\" \/>\n<meta property=\"og:locale\" content=\"sv_SE\" \/>\n<meta property=\"og:type\" content=\"article\" \/>\n<meta property=\"og:title\" content=\"Forskningsrojekt - EnsEyes\" \/>\n<meta property=\"og:description\" content=\"[vc_row][vc_column][vc_column_text] Nytt danskt forskningsprojekt: Nattlinser g\u00f6r n\u00e4rsynta barn betydligt mindre n\u00e4rsynta [\/vc_column_text][\/vc_column][\/vc_row][vc_row][vc_column][vc_column_text]En forskningsstudie p\u00e5 Vejle Hospital har visat att myopiska barn som sover med nattlinser utvecklar 59 procent mindre n\u00e4rsynthet \u00e4n barn som anv\u00e4nder glas\u00f6gon. Resultatet har f\u00e5tt \u00f6gonavdelningen p\u00e5\" \/>\n<meta property=\"og:url\" content=\"https:\/\/enseyes.com\/sv\/forskningsprojekt\/\" \/>\n<meta property=\"og:site_name\" content=\"EnsEyes\" \/>\n<meta property=\"article:modified_time\" content=\"2021-04-20T09:59:03+00:00\" \/>\n<meta property=\"og:image\" content=\"https:\/\/enseyes.com\/wp-content\/uploads\/2021\/04\/A3A5381-natlinser-300x200.jpg\" \/>\n<meta name=\"twitter:card\" content=\"summary_large_image\" \/>\n<meta name=\"twitter:label1\" content=\"Ber\u00e4knad l\u00e4stid\" \/>\n\t<meta name=\"twitter:data1\" content=\"6 minuter\" \/>\n<script type=\"application\/ld+json\" class=\"yoast-schema-graph\">{\"@context\":\"https:\\\/\\\/schema.org\",\"@graph\":[{\"@type\":\"WebPage\",\"@id\":\"https:\\\/\\\/enseyes.com\\\/sv\\\/forskningsprojekt\\\/\",\"url\":\"https:\\\/\\\/enseyes.com\\\/sv\\\/forskningsprojekt\\\/\",\"name\":\"Forskningsrojekt - EnsEyes\",\"isPartOf\":{\"@id\":\"https:\\\/\\\/enseyes.com\\\/sv\\\/#website\"},\"primaryImageOfPage\":{\"@id\":\"https:\\\/\\\/enseyes.com\\\/sv\\\/forskningsprojekt\\\/#primaryimage\"},\"image\":{\"@id\":\"https:\\\/\\\/enseyes.com\\\/sv\\\/forskningsprojekt\\\/#primaryimage\"},\"thumbnailUrl\":\"https:\\\/\\\/enseyes.com\\\/wp-content\\\/uploads\\\/2021\\\/04\\\/A3A5381-natlinser-300x200.jpg\",\"datePublished\":\"2021-04-14T13:50:56+00:00\",\"dateModified\":\"2021-04-20T09:59:03+00:00\",\"breadcrumb\":{\"@id\":\"https:\\\/\\\/enseyes.com\\\/sv\\\/forskningsprojekt\\\/#breadcrumb\"},\"inLanguage\":\"sv-SE\",\"potentialAction\":[{\"@type\":\"ReadAction\",\"target\":[\"https:\\\/\\\/enseyes.com\\\/sv\\\/forskningsprojekt\\\/\"]}]},{\"@type\":\"ImageObject\",\"inLanguage\":\"sv-SE\",\"@id\":\"https:\\\/\\\/enseyes.com\\\/sv\\\/forskningsprojekt\\\/#primaryimage\",\"url\":\"https:\\\/\\\/enseyes.com\\\/wp-content\\\/uploads\\\/2021\\\/04\\\/A3A5381-natlinser-300x200.jpg\",\"contentUrl\":\"https:\\\/\\\/enseyes.com\\\/wp-content\\\/uploads\\\/2021\\\/04\\\/A3A5381-natlinser-300x200.jpg\"},{\"@type\":\"BreadcrumbList\",\"@id\":\"https:\\\/\\\/enseyes.com\\\/sv\\\/forskningsprojekt\\\/#breadcrumb\",\"itemListElement\":[{\"@type\":\"ListItem\",\"position\":1,\"name\":\"Hjem\",\"item\":\"https:\\\/\\\/enseyes.com\\\/sv\\\/\"},{\"@type\":\"ListItem\",\"position\":2,\"name\":\"Forskningsrojekt\"}]},{\"@type\":\"WebSite\",\"@id\":\"https:\\\/\\\/enseyes.com\\\/sv\\\/#website\",\"url\":\"https:\\\/\\\/enseyes.com\\\/sv\\\/\",\"name\":\"EnsEyes\",\"description\":\"Cornea Care\",\"potentialAction\":[{\"@type\":\"SearchAction\",\"target\":{\"@type\":\"EntryPoint\",\"urlTemplate\":\"https:\\\/\\\/enseyes.com\\\/sv\\\/?s={search_term_string}\"},\"query-input\":{\"@type\":\"PropertyValueSpecification\",\"valueRequired\":true,\"valueName\":\"search_term_string\"}}],\"inLanguage\":\"sv-SE\"}]}<\/script>\n<!-- \/ Yoast SEO plugin. -->","yoast_head_json":{"title":"Forskningsrojekt - EnsEyes","robots":{"index":"index","follow":"follow","max-snippet":"max-snippet:-1","max-image-preview":"max-image-preview:large","max-video-preview":"max-video-preview:-1"},"canonical":"https:\/\/enseyes.com\/sv\/forskningsprojekt\/","og_locale":"sv_SE","og_type":"article","og_title":"Forskningsrojekt - EnsEyes","og_description":"[vc_row][vc_column][vc_column_text] Nytt danskt forskningsprojekt: Nattlinser g\u00f6r n\u00e4rsynta barn betydligt mindre n\u00e4rsynta [\/vc_column_text][\/vc_column][\/vc_row][vc_row][vc_column][vc_column_text]En forskningsstudie p\u00e5 Vejle Hospital har visat att myopiska barn som sover med nattlinser utvecklar 59 procent mindre n\u00e4rsynthet \u00e4n barn som anv\u00e4nder glas\u00f6gon. Resultatet har f\u00e5tt \u00f6gonavdelningen p\u00e5","og_url":"https:\/\/enseyes.com\/sv\/forskningsprojekt\/","og_site_name":"EnsEyes","article_modified_time":"2021-04-20T09:59:03+00:00","og_image":[{"url":"https:\/\/enseyes.com\/wp-content\/uploads\/2021\/04\/A3A5381-natlinser-300x200.jpg","type":"","width":"","height":""}],"twitter_card":"summary_large_image","twitter_misc":{"Ber\u00e4knad l\u00e4stid":"6 minuter"},"schema":{"@context":"https:\/\/schema.org","@graph":[{"@type":"WebPage","@id":"https:\/\/enseyes.com\/sv\/forskningsprojekt\/","url":"https:\/\/enseyes.com\/sv\/forskningsprojekt\/","name":"Forskningsrojekt - EnsEyes","isPartOf":{"@id":"https:\/\/enseyes.com\/sv\/#website"},"primaryImageOfPage":{"@id":"https:\/\/enseyes.com\/sv\/forskningsprojekt\/#primaryimage"},"image":{"@id":"https:\/\/enseyes.com\/sv\/forskningsprojekt\/#primaryimage"},"thumbnailUrl":"https:\/\/enseyes.com\/wp-content\/uploads\/2021\/04\/A3A5381-natlinser-300x200.jpg","datePublished":"2021-04-14T13:50:56+00:00","dateModified":"2021-04-20T09:59:03+00:00","breadcrumb":{"@id":"https:\/\/enseyes.com\/sv\/forskningsprojekt\/#breadcrumb"},"inLanguage":"sv-SE","potentialAction":[{"@type":"ReadAction","target":["https:\/\/enseyes.com\/sv\/forskningsprojekt\/"]}]},{"@type":"ImageObject","inLanguage":"sv-SE","@id":"https:\/\/enseyes.com\/sv\/forskningsprojekt\/#primaryimage","url":"https:\/\/enseyes.com\/wp-content\/uploads\/2021\/04\/A3A5381-natlinser-300x200.jpg","contentUrl":"https:\/\/enseyes.com\/wp-content\/uploads\/2021\/04\/A3A5381-natlinser-300x200.jpg"},{"@type":"BreadcrumbList","@id":"https:\/\/enseyes.com\/sv\/forskningsprojekt\/#breadcrumb","itemListElement":[{"@type":"ListItem","position":1,"name":"Hjem","item":"https:\/\/enseyes.com\/sv\/"},{"@type":"ListItem","position":2,"name":"Forskningsrojekt"}]},{"@type":"WebSite","@id":"https:\/\/enseyes.com\/sv\/#website","url":"https:\/\/enseyes.com\/sv\/","name":"EnsEyes","description":"Cornea Care","potentialAction":[{"@type":"SearchAction","target":{"@type":"EntryPoint","urlTemplate":"https:\/\/enseyes.com\/sv\/?s={search_term_string}"},"query-input":{"@type":"PropertyValueSpecification","valueRequired":true,"valueName":"search_term_string"}}],"inLanguage":"sv-SE"}]}},"_links":{"self":[{"href":"https:\/\/enseyes.com\/sv\/wp-json\/wp\/v2\/pages\/50815","targetHints":{"allow":["GET"]}}],"collection":[{"href":"https:\/\/enseyes.com\/sv\/wp-json\/wp\/v2\/pages"}],"about":[{"href":"https:\/\/enseyes.com\/sv\/wp-json\/wp\/v2\/types\/page"}],"author":[{"embeddable":true,"href":"https:\/\/enseyes.com\/sv\/wp-json\/wp\/v2\/users\/172"}],"replies":[{"embeddable":true,"href":"https:\/\/enseyes.com\/sv\/wp-json\/wp\/v2\/comments?post=50815"}],"version-history":[{"count":0,"href":"https:\/\/enseyes.com\/sv\/wp-json\/wp\/v2\/pages\/50815\/revisions"}],"wp:attachment":[{"href":"https:\/\/enseyes.com\/sv\/wp-json\/wp\/v2\/media?parent=50815"}],"curies":[{"name":"wp","href":"https:\/\/api.w.org\/{rel}","templated":true}]}}